{"id":94,"date":"2019-06-12T17:34:29","date_gmt":"2019-06-12T20:34:29","guid":{"rendered":"http:\/\/www.mdp.edu.ar\/derecho\/derecho2019\/?page_id=94"},"modified":"2019-06-12T23:53:11","modified_gmt":"2019-06-13T02:53:11","slug":"graduados-unidad-de-graduados","status":"publish","type":"page","link":"https:\/\/derecho.mdp.edu.ar\/index.php\/graduados-unidad-de-graduados\/","title":{"rendered":"Graduados &#8220;Unidad de Graduados&#8221;"},"content":{"rendered":"<h1>UNIDAD DE GRADUADOS<\/h1>\n<p>La Facultad de Derecho mediante la Unidad de Graduados aspira a fortalecer la permanencia del graduado\/a en la comunidad universitaria.<\/p>\n<p>Su prop\u00f3sito consiste en reunir en el seno de la comunidad acad\u00e9mica quienes son parte esencial del patrimonio de la Universidad, creando un espacio de participaci\u00f3n, encuentro y solidaridad entre graduados\/as.<\/p>\n<p>A trav\u00e9s de este espacio, se promueve la capacitaci\u00f3n de los\/as graduados\/as en la docencia, en la tarea de investigaci\u00f3n y de extensi\u00f3n. Adem\u00e1s, se brinda un \u00e1mbito propicio para canalizar inquietudes y problemas que surgen en los primeros pasos del ejercicio de la profesi\u00f3n.<\/p>\n<h2><strong>Director de Unidad de Graduados<\/strong><\/h2>\n<p>Abogado Federico Mart\u00ednez Bordaisco<\/p>\n<h2><strong>Horario de atenci\u00f3n<\/strong><\/h2>\n<p>Lunes a Viernes de 10 a 17 hs.<\/p>\n<h2><strong>Ubicaci\u00f3n<\/strong><\/h2>\n<p>Primer piso \u2013 Facultad de Derecho UNMdP.<\/p>\n<h2><strong>Nro de interno<\/strong><\/h2>\n<p>(0223) 495-7770 \u2013 int. 109\/ (0223) 495-2965<\/p>\n<h2><strong>Responsable administrativo<\/strong><\/h2>\n<p>Leandro Chica<\/p>\n<h2><strong>Email de contacto<\/strong><\/h2>\n<p>graduadosderecho@gmail.com<\/p>\n<p>Formulario de contacto dirigido a:\u00a0graduadosderecho@gmail.com<\/p>\n","protected":false},"excerpt":{"rendered":"<p>UNIDAD DE GRADUADOS La Facultad de Derecho mediante la Unidad de Graduados aspira a fortalecer la permanencia del graduado\/a en la comunidad universitaria. Su prop\u00f3sito consiste en reunir en el seno de la comunidad acad\u00e9mica quienes son parte esencial del patrimonio de la Universidad, creando un espacio de participaci\u00f3n, encuentro y solidaridad entre graduados\/as. A &hellip; <\/p>\n<p class=\"link-more\"><a href=\"https:\/\/derecho.mdp.edu.ar\/index.php\/graduados-unidad-de-graduados\/\" class=\"more-link\">Segu\u00ed leyendo<span class=\"screen-reader-text\"> &#8220;Graduados &#8220;Unidad de Graduados&#8221;&#8221;<\/span><\/a><\/p>\n","protected":false},"author":1,"featured_media":0,"parent":0,"menu_order":0,"comment_status":"closed","ping_status":"closed","template":"","meta":[],"_links":{"self":[{"href":"https:\/\/derecho.mdp.edu.ar\/index.php\/wp-json\/wp\/v2\/pages\/94"}],"collection":[{"href":"https:\/\/derecho.mdp.edu.ar\/index.php\/wp-json\/wp\/v2\/pages"}],"about":[{"href":"https:\/\/derecho.mdp.edu.ar\/index.php\/wp-json\/wp\/v2\/types\/page"}],"author":[{"embeddable":true,"href":"https:\/\/derecho.mdp.edu.ar\/index.php\/wp-json\/wp\/v2\/users\/1"}],"replies":[{"embeddable":true,"href":"https:\/\/derecho.mdp.edu.ar\/index.php\/wp-json\/wp\/v2\/comments?post=94"}],"version-history":[{"count":3,"href":"https:\/\/derecho.mdp.edu.ar\/index.php\/wp-json\/wp\/v2\/pages\/94\/revisions"}],"predecessor-version":[{"id":378,"href":"https:\/\/derecho.mdp.edu.ar\/index.php\/wp-json\/wp\/v2\/pages\/94\/revisions\/378"}],"wp:attachment":[{"href":"https:\/\/derecho.mdp.edu.ar\/index.php\/wp-json\/wp\/v2\/media?parent=94"}],"curies":[{"name":"wp","href":"https:\/\/api.w.org\/{rel}","templated":true}]}}