{"id":74,"date":"2019-06-12T18:37:21","date_gmt":"2019-06-12T21:37:21","guid":{"rendered":"http:\/\/www.mdp.edu.ar\/derecho\/derecho2019\/?page_id=74"},"modified":"2023-07-03T16:59:48","modified_gmt":"2023-07-03T19:59:48","slug":"martillero-corredor-publico-y-tasador-docentes","status":"publish","type":"page","link":"https:\/\/derecho.mdp.edu.ar\/index.php\/martillero-corredor-publico-y-tasador-docentes\/","title":{"rendered":"Martillero, Corredor P\u00fablico y Tasador &#8220;Docentes&#8221;"},"content":{"rendered":"<p><strong>TEOR\u00cdA\u00a0GENERAL DEL DERECHO:<\/strong><br \/>\n<strong>Responsables Acad\u00e9micos<\/strong><br \/>\nAbog. Claudia Ciopettini<br \/>\n<strong>Tutores<\/strong><br \/>\nAbog. Sandra Montes<\/p>\n<p><strong>OBLIGACIONES Y CONTRATOS:<\/strong><br \/>\n<strong>Responsables Acad\u00e9micos<\/strong><br \/>\nEsteban Miguel Ju\u00e1rez<\/p>\n<p><strong>INGLES T\u00c9CNICO:<\/strong><br \/>\n<strong>Responsables Acad\u00e9micos<\/strong><br \/>\nProf. Ghilardi, Marcela<\/p>\n<p><strong>INFORM\u00c1TICA:<\/strong><br \/>\n<strong>Tutores<\/strong><br \/>\nAndr\u00e9s Federico Saravia<\/p>\n<p><strong>CONTRATOS ESPEC\u00cdFICOS:<\/strong><br \/>\n<strong>Responsables acad\u00e9micos y tutores<\/strong><br \/>\nDr. Alejandro Vega<\/p>\n<p><strong>REGISTRACI\u00d3N:<\/strong><br \/>\n<strong>Responsables acad\u00e9micos<\/strong><br \/>\nAbog. Fernandez. Erica<\/p>\n<p><strong>SISTEMA CONTABLE Y C\u00c1LCULO FINANCIERO<\/strong><br \/>\n<strong>Tutor acad\u00e9mico\u00a0<\/strong><br \/>\nContadora Garcia Herrada, Maria Eugenia<\/p>\n<p><strong>PR\u00c1CTICA DE DOCUMENTACI\u00d3N:<\/strong><br \/>\n<strong>Tutor<\/strong><br \/>\nDr. Martin Iezzi<\/p>\n<p><strong>TRANSACCIONES SOBRE SEMOVIENTES:<\/strong><br \/>\n<strong>Responsables acad\u00e9micos\u00a0y tutores de la c\u00e1tedra<\/strong><br \/>\nAbog. Neffe, Lucas<\/p>\n<p><strong>\u00c9TICA\u00a0E INCUMBENCIAS PROFESIONALES:<\/strong><br \/>\n<strong>Responsables acad\u00e9micos y tutores<\/strong><br \/>\nDr Bernardo Diez<\/p>\n<p><strong>ACTUACI\u00d3N\u00a0DEL AUXILIAR MERCANTIL ANTE LA ADM. DE JUSTICIA:<\/strong><br \/>\n<strong>Tutor<\/strong><br \/>\nAbog. Ezequiel Perazzo<\/p>\n<p><strong>CONTRATACI\u00d3N EN EL MERCADO DE\u00a0ARTE:<\/strong><br \/>\n<strong>Responsable acad\u00e9mica y tutora de la c\u00e1tedra<\/strong><br \/>\nDra. Silvia Cristina Faienza S\u00e1nchez<\/p>\n<p><strong>ASOCIACIONES PROFESIONALES:<\/strong><br \/>\n<strong>Responsable acad\u00e9mico y tutor<\/strong><br \/>\nLic. Hunger, Pablo<\/p>\n<p><strong>ASPECTOS PENALES DE LA ACTIVIDAD DEL MART. CORR. Y TAS.<\/strong><br \/>\n<strong>Responsable acad\u00e9mico y Tutor<\/strong><br \/>\nAbog. Alvarez, Lisandro<\/p>\n<p><strong>R\u00c9GIMEN\u00a0TRIBUTARIO:<\/strong><br \/>\n<strong>Responsable acad\u00e9mico y Tutor<\/strong><br \/>\nAbog. Luciano Basso<\/p>\n<p><strong>HERRAMIENTAS DE MEDIACI\u00d3N\u00a0Y NEGOCIACIONES:<\/strong><br \/>\n<strong>Responsables acad\u00e9micos y tutoras de la c\u00e1tedra\u00a0<\/strong><br \/>\nLic. Mar\u00eda Alejandra Portela<\/p>\n<p><strong>TASACI\u00d3N\u00a0INMOBILIARIA:<\/strong><br \/>\n<strong>Responsable y tutor acad\u00e9mico<\/strong><br \/>\nAbog. Bustos, Facundo<\/p>\n<p><strong>PORTUGU\u00c9S\u00a0T\u00c9CNICO:<\/strong><br \/>\n<strong>Responsable acad\u00e9mico<\/strong><br \/>\nAbog. y Prof. Castro Sanchez, Maria Angelia<\/p>\n<p><strong>MERCADOS BURS\u00c1TILES:<\/strong><br \/>\n<strong>Responsable\u00a0 y Tutor acad\u00e9mico<\/strong><br \/>\nAbog. Torres, Sofia Belen<\/p>\n<p><strong>SEMINARIO OPTATIVO:<\/strong><br \/>\n<strong>Responsable acad\u00e9mico y Tutor<\/strong><br \/>\nProf Jorge Correa Andrade<\/p>\n<p><strong>PR\u00c1CTICA DE ACTUACI\u00d3N\u00a0PROFESIONAL I<\/strong><br \/>\n<strong>Responsable y tutor acad\u00e9mico<\/strong><br \/>\nDr. Alejandro Vega<\/p>\n<p><strong>PR\u00c1CTICA DE ACTUACI\u00d3N PROFESIONAL II<\/strong><br \/>\n<strong>Responsable y tutor acad\u00e9mico<\/strong><br \/>\nGabriel Horacio Biocca<\/p>\n<p><strong>PR\u00c1CTICA DE ACTUACI\u00d3N PROFESIONAL III<\/strong><br \/>\n<strong>Responsable y tutor acad\u00e9mico<\/strong><br \/>\nGabriel Horacio Biocca<\/p>\n","protected":false},"excerpt":{"rendered":"<p>TEOR\u00cdA\u00a0GENERAL DEL DERECHO: Responsables Acad\u00e9micos Abog. Claudia Ciopettini Tutores Abog. Sandra Montes OBLIGACIONES Y CONTRATOS: Responsables Acad\u00e9micos Esteban Miguel Ju\u00e1rez INGLES T\u00c9CNICO: Responsables Acad\u00e9micos Prof. Ghilardi, Marcela INFORM\u00c1TICA: Tutores Andr\u00e9s Federico Saravia CONTRATOS ESPEC\u00cdFICOS: Responsables acad\u00e9micos y tutores Dr. Alejandro Vega REGISTRACI\u00d3N: Responsables acad\u00e9micos Abog. Fernandez. Erica SISTEMA CONTABLE Y C\u00c1LCULO FINANCIERO Tutor acad\u00e9mico\u00a0 Contadora &hellip; <\/p>\n<p class=\"link-more\"><a href=\"https:\/\/derecho.mdp.edu.ar\/index.php\/martillero-corredor-publico-y-tasador-docentes\/\" class=\"more-link\">Segu\u00ed leyendo<span class=\"screen-reader-text\"> &#8220;Martillero, Corredor P\u00fablico y Tasador &#8220;Docentes&#8221;&#8221;<\/span><\/a><\/p>\n","protected":false},"author":1,"featured_media":0,"parent":0,"menu_order":0,"comment_status":"closed","ping_status":"closed","template":"","meta":[],"_links":{"self":[{"href":"https:\/\/derecho.mdp.edu.ar\/index.php\/wp-json\/wp\/v2\/pages\/74"}],"collection":[{"href":"https:\/\/derecho.mdp.edu.ar\/index.php\/wp-json\/wp\/v2\/pages"}],"about":[{"href":"https:\/\/derecho.mdp.edu.ar\/index.php\/wp-json\/wp\/v2\/types\/page"}],"author":[{"embeddable":true,"href":"https:\/\/derecho.mdp.edu.ar\/index.php\/wp-json\/wp\/v2\/users\/1"}],"replies":[{"embeddable":true,"href":"https:\/\/derecho.mdp.edu.ar\/index.php\/wp-json\/wp\/v2\/comments?post=74"}],"version-history":[{"count":4,"href":"https:\/\/derecho.mdp.edu.ar\/index.php\/wp-json\/wp\/v2\/pages\/74\/revisions"}],"predecessor-version":[{"id":1531,"href":"https:\/\/derecho.mdp.edu.ar\/index.php\/wp-json\/wp\/v2\/pages\/74\/revisions\/1531"}],"wp:attachment":[{"href":"https:\/\/derecho.mdp.edu.ar\/index.php\/wp-json\/wp\/v2\/media?parent=74"}],"curies":[{"name":"wp","href":"https:\/\/api.w.org\/{rel}","templated":true}]}}