{"id":44,"date":"2019-06-11T19:41:21","date_gmt":"2019-06-11T22:41:21","guid":{"rendered":"http:\/\/www.mdp.edu.ar\/derecho\/derecho2019\/?page_id=44"},"modified":"2023-07-04T12:51:48","modified_gmt":"2023-07-04T15:51:48","slug":"abogacia-plan-de-estudios-2018","status":"publish","type":"page","link":"https:\/\/derecho.mdp.edu.ar\/index.php\/abogacia-plan-de-estudios-2018\/","title":{"rendered":"Abogac\u00eda Plan de Estudios 2018"},"content":{"rendered":"<p>El nuevo plan plasma el resultado de un complejo proceso reflexivo que conlleva al replanteo de un dise\u00f1o y desarrollo curricular atento los cambios sociales, econ\u00f3micos, culturales y las grandes modificaciones legislativas de los \u00faltimos a\u00f1os.<\/p>\n<p style=\"text-align: center;\"><img loading=\"lazy\" class=\"alignnone size-full wp-image-522\" src=\"http:\/\/www.mdp.edu.ar\/derecho\/derecho2019\/wp-content\/uploads\/2018-768x1214-compressor.png\" alt=\"\" width=\"768\" height=\"1214\" srcset=\"https:\/\/derecho.mdp.edu.ar\/wp-content\/uploads\/2018-768x1214-compressor.png 768w, https:\/\/derecho.mdp.edu.ar\/wp-content\/uploads\/2018-768x1214-compressor-350x553.png 350w, https:\/\/derecho.mdp.edu.ar\/wp-content\/uploads\/2018-768x1214-compressor-190x300.png 190w, https:\/\/derecho.mdp.edu.ar\/wp-content\/uploads\/2018-768x1214-compressor-648x1024.png 648w\" sizes=\"(max-width: 706px) 89vw, (max-width: 767px) 82vw, 740px\" \/><\/p>\n<h2>PROGRAMAS DE LAS ASIGNATURAS<\/h2>\n<p><span style=\"text-decoration: underline;\"><strong>FORMACI\u00d3N INTRODUCTORIA<\/strong><\/span><\/p>\n<p><a href=\"https:\/\/drive.google.com\/file\/d\/1gF2dKAC4TT6H7CuDrIn5mCOYSNFs8Iv1\/view?usp=sharing\">Teor\u00eda General del Derecho<\/a><br \/>\n<a href=\"https:\/\/drive.google.com\/file\/d\/1QPbo95WPGWfwii8m8bQeqz6gwi1Y-dvy\/view?usp=sharing\">Derecho Pol\u00edtico<\/a><br \/>\n<a href=\"https:\/\/drive.google.com\/file\/d\/1P4i--Bd3-FiOwVJeCSivFILPMWkpcjaf\/view?usp=sharing\">Metodolog\u00eda de la Investigaci\u00f3n Cient\u00edfica<\/a><br \/>\n<a href=\"https:\/\/drive.google.com\/file\/d\/1_ztkaaxoIDmTijJk4A-tupB7j5I-MtWj\/view?usp=sharing\">Historia del Derecho y Constitucional Argentina (C\u00e1tedra A)<\/a><br \/>\n<a href=\"https:\/\/drive.google.com\/file\/d\/17n8pJyV5Gf9Hugt4AM6uO3cAV1hUOcV2\/view?usp=sharing\">Historia del Derecho y Constitucional Argentina (C\u00e1tedra B)<\/a><br \/>\n<a href=\"https:\/\/drive.google.com\/file\/d\/1YgnmS5huJGB4Zw-ClN4qzQ-WquQxY-1p\/view?usp=sharing\">Nociones de Econom\u00eda<\/a><\/p>\n<p><span style=\"text-decoration: underline;\"><strong>FORMACI\u00d3N DISCIPLINAR<\/strong><\/span><\/p>\n<p><a href=\"https:\/\/drive.google.com\/file\/d\/16MYjoIZAUFMlFi09Tj2NLGA4wsJWq8Gv\/view?usp=sharing\">Teor\u00eda Constitucional (C\u00e1tedra A)<\/a><br \/>\n<a href=\"https:\/\/drive.google.com\/file\/d\/1Gv9LUqy6__mIEjPpgkaq41tJ2jThtMlB\/view?usp=sharing\">Teor\u00eda Constitucional (C\u00e1tedra B)<\/a><br \/>\n<a href=\"https:\/\/drive.google.com\/file\/d\/1PGCW37vK4mQM7WZYPcDCc6HlZMuudZXF\/view?usp=sharing\">Derecho Civil Parte General<\/a><br \/>\n<a href=\"https:\/\/drive.google.com\/file\/d\/1A04hkeb9j2-rLqOF1TUJhkm9OFUvVIhN\/view?usp=sharing\">Derechos Humanos y Garant\u00edas Constitucionales<\/a><br \/>\n<a href=\"https:\/\/drive.google.com\/file\/d\/1jJ3fkMlyEIdI9ARWkaZV_PLxCNM0V_ik\/view?usp=sharing\">Filosof\u00eda del Derecho (C\u00e1tedra A)<\/a><br \/>\n<a href=\"https:\/\/drive.google.com\/file\/d\/1zaNZoIhwBDC7JfXioINyf9Z9b8TpbdnI\/view?usp=sharing\">Filosof\u00eda del Derecho (C\u00e1tedra B)<\/a><br \/>\n<a href=\"https:\/\/drive.google.com\/file\/d\/1M32cOJC9NXDpcH0ZDvY6fYq5i2NsrWIO\/view?usp=sharing\">Derecho Penal Parte General (C\u00e1tedra A)<\/a><br \/>\n<a href=\"https:\/\/drive.google.com\/file\/d\/1D_AI8CO6NqfdLbZKL8VLqCBFn8rNax1R\/view?usp=sharing\">Derecho Penal Parte General (C\u00e1tedra B)<\/a><br \/>\n<a href=\"https:\/\/drive.google.com\/file\/d\/1aVMfB4QU-_AoG1Ruhyi-1grqWuYRof9B\/view?usp=sharing\">Teor\u00eda General del Proceso<\/a><br \/>\n<a href=\"https:\/\/drive.google.com\/file\/d\/12xmqv2m44UAbi1tBSDgZsYchyhltFwkc\/view?usp=sharing\">Derecho de las Obligaciones Civiles y Comerciales<\/a><br \/>\n<a href=\"https:\/\/drive.google.com\/file\/d\/10MxQ6-4gOpPMeeoVuk83tv-5OvP8EaCg\/view?usp=sharing\">Derecho de Da\u00f1os<\/a><br \/>\n<a href=\"https:\/\/drive.google.com\/file\/d\/1Vvtd-t-J8bfJMFG95NMQhc4p_MmoH2eh\/view?usp=sharing\">Derecho de los Contratos Civiles y Comerciales<\/a><br \/>\n<a href=\"https:\/\/drive.google.com\/file\/d\/1LNHdudRXHLr0ZOo3BrHjJRF_HZAxIfTY\/view?usp=sharing\">Derechos Reales.<\/a>\u00a0 \u00a0 <a href=\"https:\/\/drive.google.com\/file\/d\/1euB28IVvy6VTOaYJrorxFpPK-CpzbXUI\/view?usp=sharing\">Modificaci\u00f3n de Bibliograf\u00eda.<\/a><br \/>\n<a href=\"https:\/\/drive.google.com\/file\/d\/1tDN8tWIcJLQwzdNamutgSIl6DRCBxlzp\/view?usp=sharing\">Derecho del Consumidor y del Usuario<\/a><br \/>\n<a href=\"https:\/\/drive.google.com\/file\/d\/1UzqptT-j-W7pshPWP3A1tUGmpdGU9VKX\/view?usp=sharing\">Derecho de los Recursos Naturales y protecci\u00f3n del Medio Ambiente<\/a><br \/>\n<a href=\"https:\/\/drive.google.com\/file\/d\/1G3TjmkWtz4E73-m-gb2UGnortlbX042O\/view?usp=sharing\">Derecho Comercial y del Transporte<\/a><br \/>\n<a href=\"https:\/\/drive.google.com\/file\/d\/1OfO87Vn2rnDBm5CjFAysRxd1N3EaKs1f\/view?usp=sharing\">Inteligencia Artificial, Tecnolog\u00eda y Derecho<\/a><br \/>\n<a href=\"https:\/\/drive.google.com\/file\/d\/1GjYDf-TAamtYN6f6vQ-mTTJOWupEev38\/view?usp=sharing\">Derecho Administrativo<\/a><br \/>\n<a href=\"https:\/\/drive.google.com\/file\/d\/1pMX2fl8PK7yGE3hzR4Wl7Lr2btZuSOi-\/view?usp=sharing\">Finanzas P\u00fablicas y Derecho Tributario<\/a><br \/>\n<a href=\"https:\/\/drive.google.com\/file\/d\/1YE9Skaaz-EDnb5p0iPTbumrihym7Wu7A\/view?usp=sharing\">Derecho de las Familias<\/a><br \/>\n<a href=\"https:\/\/drive.google.com\/file\/d\/129p9jXCpCKNrbB4EfQyV15YrhiRXEMzD\/view?usp=sharing\">Derecho de Sucesiones<\/a><br \/>\n<a href=\"https:\/\/drive.google.com\/file\/d\/1XpU8X0RPSWbVd6oTq55Z5yVHL2JMQnBO\/view?usp=sharing\">Sociedades, Asociaciones y Contratos Asociativos<\/a><br \/>\n<a href=\"https:\/\/drive.google.com\/file\/d\/1UJJLadqD9zdPAAvoT-xl0pGxTh9sHUun\/view?usp=sharing\">Derecho Empresarial y T\u00edtulos Valores<\/a><br \/>\n<a href=\"https:\/\/drive.google.com\/file\/d\/1ccyzKruOX3HiRPghDgnnXc5BWZgoft_-\/view?usp=sharing\">Derecho Concursal<\/a><br \/>\n<a href=\"https:\/\/drive.google.com\/file\/d\/1XAdPIoGLy_UteYuT6K_9aGOlUhMF4e6b\/view?usp=sharing\">Derecho Penal Parte Especial (C\u00e1tedra A)<\/a><br \/>\n<a href=\"https:\/\/drive.google.com\/file\/d\/1aHH7qHv18YE8R2I_U56CXhWt-rJ6jR_F\/view?usp=sharing\">Derecho Penal Parte Especial (C\u00e1tedra B)<\/a><br \/>\n<a href=\"https:\/\/drive.google.com\/file\/d\/1f_fu127MCnWwq4dTgPSQin0m2jIZYoot\/view?usp=sharing\">Criminolog\u00eda y Pol\u00edtica Criminal<\/a><br \/>\n<a href=\"https:\/\/drive.google.com\/file\/d\/1P4i--Bd3-FiOwVJeCSivFILPMWkpcjaf\/view?usp=sharing\">Derecho Procesal Penal<\/a><br \/>\n<a href=\"https:\/\/drive.google.com\/file\/d\/1gSqQHB8lu3tJ-g7CukNZidDV2UuOBrqf\/view?usp=sharing\">Derecho Procesal Civil y Comercial (C\u00e1tedra A)<\/a><br \/>\n<a href=\"https:\/\/drive.google.com\/file\/d\/1dUTvY50WhgtV7xOhDc4-YCM-W_fOdE8H\/view?usp=sharing\">Derecho Procesal Civil y Comercial (C\u00e1tedra B)<\/a><br \/>\n<a href=\"https:\/\/drive.google.com\/file\/d\/1mR8SuN-23OQyZHiCR3j4-5Di3UzmBBXL\/view?usp=sharing\">Derecho del Trabajo y de la Seguridad Social<\/a><br \/>\n<a href=\"https:\/\/drive.google.com\/file\/d\/1ye9py2ZEVZyApRIdF7RzV1Y34L6RowZi\/view?usp=sharing\">Derecho Internacional P\u00fablico y de la Integraci\u00f3n (C\u00e1tedra A)<\/a><br \/>\n<a href=\"https:\/\/drive.google.com\/file\/d\/1Q02O22IPZ_Qfgc7Q8R4htcbJu4_qaG7H\/view?usp=sharing\">Derecho Internacional P\u00fablico y de la Integraci\u00f3n (C\u00e1tedra B)<\/a><br \/>\n<a href=\"https:\/\/drive.google.com\/file\/d\/14sM270vpqMAvI0KenqoDleWAmIkwnHcZ\/view?usp=sharing\">Derecho Internacional Privado<\/a><\/p>\n<p><span style=\"text-decoration: underline;\"><strong>FORMACI\u00d3N PR\u00c1CTICA<\/strong><\/span><\/p>\n<p><a href=\"https:\/\/drive.google.com\/file\/d\/1yR1iHTcpMadMoN0ViiGnFiFCyYGHo_sO\/view?usp=sharing\">Taller en M\u00e9todos de Resoluci\u00f3n de Conflictos<\/a><br \/>\n<a href=\"https:\/\/drive.google.com\/file\/d\/1iTYeYY5ISizno0rAZKK0zgh7T_nKSUSh\/view?usp=sharing\">Taller de Argumentaci\u00f3n Adversarial<\/a><br \/>\n<a href=\"https:\/\/drive.google.com\/file\/d\/1oxsA9Sg5O4BuqzihYC11A686lXZRB9Gf\/view?usp=sharing\">Pr\u00e1ctica Procesal Penal<\/a><br \/>\n<a href=\"https:\/\/drive.google.com\/file\/d\/1bD2xdjB5-R08M4QoRKiD4fbeZ2eRRW8g\/view?usp=sharing\">Pr\u00e1ctica Profesional I<\/a><br \/>\n<a href=\"https:\/\/drive.google.com\/file\/d\/1khaa82Dr0i2bDFa0_ZitySkV7cPMMwbL\/view?usp=sharing\">Pr\u00e1ctica Profesional II<\/a><br \/>\n<a href=\"https:\/\/drive.google.com\/file\/d\/1gMXMWU66LLn_WgsK1Q12b50p9ak9CNXK\/view?usp=sharing\">Taller de Derecho Parlamentario<\/a><br \/>\n<a href=\"https:\/\/drive.google.com\/file\/d\/1QbOuPapB917PUvZx8DyVk_ygZydVKork\/view?usp=sharing\">Pr\u00e1cticas Socio Comunitarias<\/a><\/p>\n","protected":false},"excerpt":{"rendered":"<p>El nuevo plan plasma el resultado de un complejo proceso reflexivo que conlleva al replanteo de un dise\u00f1o y desarrollo curricular atento los cambios sociales, econ\u00f3micos, culturales y las grandes modificaciones legislativas de los \u00faltimos a\u00f1os. PROGRAMAS DE LAS ASIGNATURAS FORMACI\u00d3N INTRODUCTORIA Teor\u00eda General del Derecho Derecho Pol\u00edtico Metodolog\u00eda de la Investigaci\u00f3n Cient\u00edfica Historia del &hellip; <\/p>\n<p class=\"link-more\"><a href=\"https:\/\/derecho.mdp.edu.ar\/index.php\/abogacia-plan-de-estudios-2018\/\" class=\"more-link\">Segu\u00ed leyendo<span class=\"screen-reader-text\"> &#8220;Abogac\u00eda Plan de Estudios 2018&#8221;<\/span><\/a><\/p>\n","protected":false},"author":1,"featured_media":0,"parent":0,"menu_order":0,"comment_status":"closed","ping_status":"closed","template":"","meta":[],"_links":{"self":[{"href":"https:\/\/derecho.mdp.edu.ar\/index.php\/wp-json\/wp\/v2\/pages\/44"}],"collection":[{"href":"https:\/\/derecho.mdp.edu.ar\/index.php\/wp-json\/wp\/v2\/pages"}],"about":[{"href":"https:\/\/derecho.mdp.edu.ar\/index.php\/wp-json\/wp\/v2\/types\/page"}],"author":[{"embeddable":true,"href":"https:\/\/derecho.mdp.edu.ar\/index.php\/wp-json\/wp\/v2\/users\/1"}],"replies":[{"embeddable":true,"href":"https:\/\/derecho.mdp.edu.ar\/index.php\/wp-json\/wp\/v2\/comments?post=44"}],"version-history":[{"count":7,"href":"https:\/\/derecho.mdp.edu.ar\/index.php\/wp-json\/wp\/v2\/pages\/44\/revisions"}],"predecessor-version":[{"id":920,"href":"https:\/\/derecho.mdp.edu.ar\/index.php\/wp-json\/wp\/v2\/pages\/44\/revisions\/920"}],"wp:attachment":[{"href":"https:\/\/derecho.mdp.edu.ar\/index.php\/wp-json\/wp\/v2\/media?parent=44"}],"curies":[{"name":"wp","href":"https:\/\/api.w.org\/{rel}","templated":true}]}}