{"id":41,"date":"2019-06-11T19:40:41","date_gmt":"2019-06-11T22:40:41","guid":{"rendered":"http:\/\/www.mdp.edu.ar\/derecho\/derecho2019\/?page_id=41"},"modified":"2023-07-04T12:50:31","modified_gmt":"2023-07-04T15:50:31","slug":"abogacia-plan-de-estudios-1988-93","status":"publish","type":"page","link":"https:\/\/derecho.mdp.edu.ar\/index.php\/abogacia-plan-de-estudios-1988-93\/","title":{"rendered":"Abogac\u00eda Plan de Estudios 1988\/93"},"content":{"rendered":"<h1>ABOGAC\u00cdA &#8211; PLAN DE ESTUDIOS 1988\/93<\/h1>\n<p style=\"text-align: left;\"><strong>Objetivos del plan propuesto para la carrera<br \/>\n<\/strong>Se pretende:<br \/>\na.- estimular una concepci\u00f3n cr\u00edtica del Derecho, que convierta a la Facultad en el \u00e1mbito adecuado para generar e incentivar inquietudes de investigaci\u00f3n cient\u00edfica como modo y forma de crecimiento acad\u00e9mico.<br \/>\nb.- posibilitar la capacitaci\u00f3n de la Comunidad Universitaria para resolver los problemas profesionales m\u00e1s complejos, fomentando un esp\u00edritu creativo para imaginar y obtener soluciones jur\u00eddicas originales.<br \/>\nc.- formar para una concepci\u00f3n no ingenua de la realidad que permita reconocer a tiempo, cabalmente, las necesidades de la sociedad y las transformaciones del derecho, convirti\u00e9ndolo en una aut\u00e9ntica y eficaz herramienta de \u201cingenier\u00eda social\u201d.<br \/>\nd.- que los alumnos aprendan a pensar y relacionar jur\u00eddicamente, mucho m\u00e1s que a memorizar teor\u00edas, definiciones y leyes.<br \/>\nEs decir, ense\u00f1ar Derecho y no solo legislaci\u00f3n, dotando al graduado de herramientas conceptuales por sobre la informaci\u00f3n.<\/p>\n<p style=\"text-align: center;\"><img loading=\"lazy\" class=\"alignnone size-full wp-image-523\" src=\"http:\/\/www.mdp.edu.ar\/derecho\/derecho2019\/wp-content\/uploads\/1988-93-768x1760-compressor.png\" alt=\"\" width=\"768\" height=\"1760\" srcset=\"https:\/\/derecho.mdp.edu.ar\/wp-content\/uploads\/1988-93-768x1760-compressor.png 768w, https:\/\/derecho.mdp.edu.ar\/wp-content\/uploads\/1988-93-768x1760-compressor-350x802.png 350w, https:\/\/derecho.mdp.edu.ar\/wp-content\/uploads\/1988-93-768x1760-compressor-131x300.png 131w, https:\/\/derecho.mdp.edu.ar\/wp-content\/uploads\/1988-93-768x1760-compressor-447x1024.png 447w\" sizes=\"(max-width: 706px) 89vw, (max-width: 767px) 82vw, 740px\" \/><\/p>\n<h2>PROGRAMAS DE LAS ASIGNATURAS<\/h2>\n<p><span style=\"text-decoration: underline;\"><strong>CICLO INTRODUCTORIO<\/strong><\/span><\/p>\n<p><a href=\"https:\/\/drive.google.com\/file\/d\/1R2CLvdH0rGtH2ipeM9EBXQdMb0pUssHC\/view?usp=sharing\">Teor\u00eda General del Derecho<\/a><br \/>\n<a href=\"https:\/\/drive.google.com\/file\/d\/149O9OdekxAn7tcoNnECIVMSFSqla7uaQ\/view?usp=sharing\">Derecho Pol\u00edtico<\/a><br \/>\n<a href=\"https:\/\/drive.google.com\/file\/d\/1kNFdydrB4bxTiSyqQ_lcwHRrob7a_70Q\/view?usp=sharing\">Historia Constitucional Argentina (C\u00e1tedra A)<\/a><br \/>\n<a href=\"https:\/\/drive.google.com\/file\/d\/1QuRacEL__4FRPSDT5bwv25VRpYc-xmQa\/view?usp=sharing\">Historia Constitucional Argentina (C\u00e1tedra B)<\/a><br \/>\n<a href=\"https:\/\/drive.google.com\/file\/d\/1i4fwGfzsPeeM1MXXX8Bkwgo4fObJANBJ\/view?usp=sharing\">Elementos de Actuaci\u00f3n Profesional<\/a><\/p>\n<p><span style=\"text-decoration: underline;\"><strong>CICLO PROFESIONAL<\/strong><\/span><\/p>\n<p><a href=\"https:\/\/drive.google.com\/file\/d\/1CUQIfl9uDw7Mqkxs-W5vPl830q0jOSKu\/view?usp=sharing\">Derecho Civil (Pte. Gral.)<\/a><br \/>\n<a href=\"https:\/\/drive.google.com\/file\/d\/1dKSwS4ioMEbCoYgVpamsu6_nJWaS2Uy2\/view?usp=sharing\">Econom\u00eda y finanzas<\/a><br \/>\n<a href=\"https:\/\/drive.google.com\/file\/d\/17k2ZJ1S8ZmLWB8NpSNHt8Y87n_rCIcoZ\/view?usp=sharing\">Teor\u00eda Constitucional (C\u00e1tedra A)<\/a><br \/>\n<a href=\"https:\/\/drive.google.com\/file\/d\/1zTn18q9LuktYegUraCT2xr2vg-FL796e\/view?usp=sharing\">Teor\u00eda Constitucional (C\u00e1tedra B)<\/a><br \/>\n<a href=\"https:\/\/drive.google.com\/file\/d\/1eBR8r9RrX2_GkTsoDnZwWy0IMZY_MI3k\/view?usp=sharing\">Derechos Humanos y Garant\u00edas Constitucionales<\/a><br \/>\n<a href=\"https:\/\/drive.google.com\/file\/d\/1ydz9RW1hbtqT0Jh28YYrYdE-Q5iYVd7n\/view?usp=sharing\">Derecho de las Obligaciones<\/a><br \/>\n<a href=\"https:\/\/drive.google.com\/file\/d\/1aGvRHDK1hDsyiC_B7dR7Qkk2sCO_nOnY\/view?usp=sharing\">Derecho Penal (Pte. Gral.) (C\u00e1tedra A)<\/a><br \/>\n<a href=\"https:\/\/drive.google.com\/file\/d\/1YYganCutsOE9-QexSlbH16CZe8KLACNc\/view?usp=sharing\">Derecho Penal (Pte. Gral.) (C\u00e1tedra B)<\/a><br \/>\n<a href=\"https:\/\/drive.google.com\/file\/d\/1qjMm8hKrsqQ8J53mi6LhoTkQTjB2GG7O\/view?usp=sharing\">Contratos<\/a><br \/>\n<a href=\"https:\/\/drive.google.com\/file\/d\/1wmvZ6uJT9Ibpa0-_kEW9C4iBFHwTd_Me\/view?usp=sharing\">Derecho Penal (Pte. Especial) (C\u00e1tedra A)<\/a><br \/>\n<a href=\"https:\/\/drive.google.com\/file\/d\/1VKGOUfQ90DCZYL_4P1zdSH9YifkmxrIO\/view?usp=sharing\">Derecho Penal (Pte. Especial) (C\u00e1tedra B)<\/a><br \/>\n<a href=\"https:\/\/drive.google.com\/file\/d\/1ldAVq39jZK5AD87sfjrdNDxoHc44m6XU\/view?usp=sharing\">Derecho Comercial<\/a><br \/>\n<a href=\"https:\/\/drive.google.com\/file\/d\/1jAjn8IasxYroZt4yrRD3xXYhUV5yf6eo\/view?usp=sharing\">Derecho Procesal Civil y Comercial (C\u00e1tedra A)<\/a><br \/>\n<a href=\"https:\/\/drive.google.com\/file\/d\/1TMZO9M08JsIoCd2Ox_FoPNKDkbnRKqAa\/view?usp=sharing\">Derecho Procesal Civil y Comercial (C\u00e1tedra B)<\/a><br \/>\n<a href=\"https:\/\/drive.google.com\/file\/d\/1aKRErAzZWjW3cZl64uRgdQDpKWYLj4Ln\/view?usp=sharing\">Derechos Reales<\/a><br \/>\n<a href=\"https:\/\/drive.google.com\/file\/d\/1bwO-FUPC7lYoCqP7zSRd3V3kq8WZW4hY\/view?usp=sharing\">Derecho Procesal Penal<\/a><br \/>\n<a href=\"https:\/\/drive.google.com\/file\/d\/1ja6zg4OPnzNqehspXufNZia51iHbDL54\/view?usp=sharing\">Derecho Laboral<\/a><br \/>\n<a href=\"https:\/\/drive.google.com\/file\/d\/1Oe1HIFNTbOkrCHydzpdVZIe0pAfVNc70\/view?usp=sharing\">Derecho Administrativo<\/a><br \/>\n<a href=\"https:\/\/drive.google.com\/file\/d\/1lXxgSt-MD61WDIVkhSLgBTHLEijzPcmf\/view?usp=sharing\">Sociedades Civiles y Comerciales<\/a><br \/>\n<a href=\"https:\/\/drive.google.com\/file\/d\/1_qlxQFoMwB59FhqazRLU8BkK6rFparL9\/view?usp=sharing\">Familia y Sucesiones<\/a><br \/>\n<a href=\"https:\/\/drive.google.com\/file\/d\/1YROE-04QNleehB5u4eZMFfoPrkvhTVAu\/view?usp=sharing\">Derecho Concursal<\/a><br \/>\nFilosof\u00eda del Derecho (C\u00e1tedra A)<br \/>\n<a href=\"https:\/\/drive.google.com\/file\/d\/1v4m3yhIsq0prUx23qNKu987T5yQOtueo\/view?usp=sharing\">Filosof\u00eda del Derecho (C\u00e1tedra B)<\/a><\/p>\n<p><span style=\"text-decoration: underline;\"><strong>ASIGNATURAS OPTATIVAS<\/strong><\/span><\/p>\n<p><a href=\"https:\/\/drive.google.com\/file\/d\/1NaJWzSjo2JGZLAylUs56y2DCYbFgu6zd\/view?usp=sharing\">Derecho Registral<\/a><br \/>\n<a href=\"https:\/\/drive.google.com\/file\/d\/14FYSskMPXsFpKStTn10vBIWYD0mS3UCR\/view?usp=sharing\">Derecho Romano<\/a><br \/>\n<a href=\"https:\/\/drive.google.com\/file\/d\/17FGLYLFmpMWsTHUohkYp3CGIhfcAy8uu\/view?usp=sharing\">Derecho de los Recursos Naturales<\/a><br \/>\n<a href=\"https:\/\/drive.google.com\/file\/d\/1eSwCNRKy_Kp1mdbNxosAdh3qCfmhF5ml\/view?usp=sharing\">Derecho del Transporte<\/a><br \/>\n<a href=\"https:\/\/drive.google.com\/file\/d\/1OvR9wAFxH6nD4KfLhHclKGHwaTFPLQfN\/view?usp=sharing\">Derecho P\u00fablico Provincial y Municipal<\/a><br \/>\n<a href=\"https:\/\/drive.google.com\/file\/d\/1w1xHMwy5dKrBa24DCl4-2uU6R4rr9x1e\/view?usp=sharing\">R\u00e9gimen Jur\u00eddico Contable de la Administraci\u00f3n P\u00fablica<\/a><br \/>\n<a href=\"https:\/\/drive.google.com\/file\/d\/1O7vG3mX89lBIYBNslOScAqz0drUDSFeW\/view?usp=sharing\">Sociolog\u00eda<\/a><br \/>\n<a href=\"https:\/\/drive.google.com\/file\/d\/1ldAVq39jZK5AD87sfjrdNDxoHc44m6XU\/view?usp=sharing\">L\u00f3gica Jur\u00eddica<\/a><br \/>\n<a href=\"https:\/\/drive.google.com\/file\/d\/1UQGsw6FdsKw_XKsAhjYTS6FWI5njsz_V\/view?usp=sharing\">Derecho de la Seguridad Social<\/a><br \/>\n<a href=\"https:\/\/drive.google.com\/file\/d\/1Xib_s7VqAmw_4vMPOgYEHzDoc-Aulaw3\/view?usp=sharing\">Criminolog\u00eda<\/a><br \/>\n<a href=\"https:\/\/drive.google.com\/file\/d\/16K-MFxlycMUBZdL_WZQfVI8PqduR2rpJ\/view?usp=sharing\">Derecho de la Empresa<\/a><\/p>\n<p><span style=\"text-decoration: underline;\"><strong>CICLO DE PROFUNDIZACI\u00d3N ORIENTADA<\/strong><\/span><\/p>\n<p><a href=\"https:\/\/drive.google.com\/file\/d\/1Co5EoLrneGvcSxoRQD80SxY2GPRHOBRT\/view?usp=sharing\">Derecho Internacional P\u00fablico (C\u00e1tedra A)<\/a><br \/>\n<a href=\"https:\/\/drive.google.com\/file\/d\/1-txZE8SyO0AS1PuXaWl1k36-p5uLfIce\/view?usp=sharing\">Derecho Internacional P\u00fablico (C\u00e1tedra B)<\/a><br \/>\n<a href=\"https:\/\/drive.google.com\/file\/d\/14u90QY3bxFU4cypg_ArwtZcddR73l5n7\/view?usp=sharing\">Derecho Internacional Privado<\/a><br \/>\n<a href=\"https:\/\/drive.google.com\/file\/d\/1ogTateuFNGzm-otpa7yUWrR150BV4eQd\/view?usp=sharing\">Pr\u00e1ctica Procesal Civil I<\/a><br \/>\n<a href=\"https:\/\/drive.google.com\/file\/d\/1PVCL0mJRPAXtIuODil2OkvZu048oGFjz\/view?usp=sharing\">Pr\u00e1ctica Procesal Civil II<\/a><br \/>\n<a href=\"https:\/\/drive.google.com\/file\/d\/1JrVw7PkiTf05gX6e9sXU-zhoWz9JswEN\/view?usp=sharing\">Pr\u00e1ctica Procesal Penal<\/a><br \/>\n<a href=\"https:\/\/drive.google.com\/file\/d\/1X-9yN4zAtAVBnNpIPMd-7Squtc3WbAEJ\/view?usp=sharing\">Seminario I<\/a><br \/>\n<a href=\"https:\/\/drive.google.com\/file\/d\/1xuZqHK6r6cAWiXXCYJRZP-im6Qx6CZo6\/view?usp=sharing\">Seminario II<\/a><\/p>\n","protected":false},"excerpt":{"rendered":"<p>ABOGAC\u00cdA &#8211; PLAN DE ESTUDIOS 1988\/93 Objetivos del plan propuesto para la carrera Se pretende: a.- estimular una concepci\u00f3n cr\u00edtica del Derecho, que convierta a la Facultad en el \u00e1mbito adecuado para generar e incentivar inquietudes de investigaci\u00f3n cient\u00edfica como modo y forma de crecimiento acad\u00e9mico. b.- posibilitar la capacitaci\u00f3n de la Comunidad Universitaria para &hellip; <\/p>\n<p class=\"link-more\"><a href=\"https:\/\/derecho.mdp.edu.ar\/index.php\/abogacia-plan-de-estudios-1988-93\/\" class=\"more-link\">Segu\u00ed leyendo<span class=\"screen-reader-text\"> &#8220;Abogac\u00eda Plan de Estudios 1988\/93&#8221;<\/span><\/a><\/p>\n","protected":false},"author":1,"featured_media":0,"parent":0,"menu_order":0,"comment_status":"closed","ping_status":"closed","template":"","meta":[],"_links":{"self":[{"href":"https:\/\/derecho.mdp.edu.ar\/index.php\/wp-json\/wp\/v2\/pages\/41"}],"collection":[{"href":"https:\/\/derecho.mdp.edu.ar\/index.php\/wp-json\/wp\/v2\/pages"}],"about":[{"href":"https:\/\/derecho.mdp.edu.ar\/index.php\/wp-json\/wp\/v2\/types\/page"}],"author":[{"embeddable":true,"href":"https:\/\/derecho.mdp.edu.ar\/index.php\/wp-json\/wp\/v2\/users\/1"}],"replies":[{"embeddable":true,"href":"https:\/\/derecho.mdp.edu.ar\/index.php\/wp-json\/wp\/v2\/comments?post=41"}],"version-history":[{"count":6,"href":"https:\/\/derecho.mdp.edu.ar\/index.php\/wp-json\/wp\/v2\/pages\/41\/revisions"}],"predecessor-version":[{"id":918,"href":"https:\/\/derecho.mdp.edu.ar\/index.php\/wp-json\/wp\/v2\/pages\/41\/revisions\/918"}],"wp:attachment":[{"href":"https:\/\/derecho.mdp.edu.ar\/index.php\/wp-json\/wp\/v2\/media?parent=41"}],"curies":[{"name":"wp","href":"https:\/\/api.w.org\/{rel}","templated":true}]}}