{"id":104,"date":"2019-06-12T19:13:52","date_gmt":"2019-06-12T22:13:52","guid":{"rendered":"http:\/\/www.mdp.edu.ar\/derecho\/derecho2019\/?page_id=104"},"modified":"2024-08-14T19:10:05","modified_gmt":"2024-08-14T22:10:05","slug":"institucional-las-secretarias","status":"publish","type":"page","link":"https:\/\/derecho.mdp.edu.ar\/index.php\/institucional-las-secretarias\/","title":{"rendered":"Institucional &#8220;Las Secretar\u00edas&#8221;"},"content":{"rendered":"<h1>Las Secretar\u00edas<\/h1>\n<p>&nbsp;<\/p>\n<h2><strong>Secretar\u00eda Acad\u00e9mica<\/strong><\/h2>\n<p><img loading=\"lazy\" class=\"wp-image-394 size-thumbnail alignnone\" src=\"https:\/\/derecho.mdp.edu.ar\/wp-content\/uploads\/iso-academica-150x150.png\" alt=\"\" width=\"150\" height=\"150\" srcset=\"https:\/\/derecho.mdp.edu.ar\/wp-content\/uploads\/iso-academica-150x150.png 150w, https:\/\/derecho.mdp.edu.ar\/wp-content\/uploads\/iso-academica-250x250.png 250w, https:\/\/derecho.mdp.edu.ar\/wp-content\/uploads\/iso-academica-100x100.png 100w\" sizes=\"(max-width: 150px) 100vw, 150px\" \/><\/p>\n<p><em><strong>Secretario acad\u00e9mico<\/strong><\/em><br \/>\nAbogada Ver\u00f3nica Ivonne Hourquebi\u00e9<\/p>\n<p><strong><strong style=\"font-size: 1.25rem;\"><img loading=\"lazy\" class=\"alignnone size-full wp-image-392\" src=\"https:\/\/derecho.mdp.edu.ar\/wp-content\/uploads\/ubica-color.png\" alt=\"\" width=\"12\" height=\"17\" \/> <\/strong><\/strong>Primer piso \u2013 Facultad de Derecho UNMdP.<br \/>\n<strong><img loading=\"lazy\" class=\"alignnone size-full wp-image-393\" src=\"https:\/\/derecho.mdp.edu.ar\/wp-content\/uploads\/email-color.png\" alt=\"\" width=\"17\" height=\"12\" \/>\u00a0 <\/strong>acadere@mdp.edu.ar; subacadere@mdp.edu.ar<\/p>\n<p><strong>Subsecretar\u00eda <span style=\"font-size: 1rem;\">de Evaluacio\u0301n, Acreditacio\u0301n y Seguimiento Acade\u0301mico<\/span><\/strong><\/p>\n<p><em><strong>Subsecretaria:<\/strong><\/em> Mar\u00eda Fernanda Huerta<\/p>\n<p><strong>Horario de Atenci\u00f3n:<\/strong> Lunes, martes y mi\u00e9rcoles de 11.30 a 15 hs.<br \/>\n<strong><strong style=\"font-size: 1.25rem;\"><img loading=\"lazy\" class=\"alignnone size-full wp-image-392\" src=\"https:\/\/derecho.mdp.edu.ar\/wp-content\/uploads\/ubica-color.png\" alt=\"\" width=\"12\" height=\"17\" \/> <\/strong><\/strong>Primer piso, Secretar\u00eda de Posgrado.<br \/>\n<strong><img loading=\"lazy\" class=\"alignnone size-full wp-image-393\" src=\"https:\/\/derecho.mdp.edu.ar\/wp-content\/uploads\/email-color.png\" alt=\"\" width=\"17\" height=\"12\" \/>\u00a0<\/strong>acreditacionderechounmdp@gmail.com y acreditacionderechounmdp@mdp.edu.ar<\/p>\n<h2><strong>Secretar\u00eda de Coordinaci\u00f3n<\/strong><\/h2>\n<p><img loading=\"lazy\" class=\"wp-image-395 size-thumbnail alignnone\" src=\"https:\/\/derecho.mdp.edu.ar\/wp-content\/uploads\/iso-coordinacion-150x150.png\" alt=\"\" width=\"150\" height=\"150\" srcset=\"https:\/\/derecho.mdp.edu.ar\/wp-content\/uploads\/iso-coordinacion-150x150.png 150w, https:\/\/derecho.mdp.edu.ar\/wp-content\/uploads\/iso-coordinacion-250x250.png 250w, https:\/\/derecho.mdp.edu.ar\/wp-content\/uploads\/iso-coordinacion-100x100.png 100w\" sizes=\"(max-width: 150px) 100vw, 150px\" \/><\/p>\n<p><em><strong>Secretaria de Coordinaci\u00f3n<\/strong><\/em><br \/>\nEspecialista Adriana Anal\u00eda Arias<\/p>\n<p><strong>Horario de Atenci\u00f3n<\/strong> Lunes a Viernes de 9 a 15 hs.<br \/>\n<strong style=\"font-size: 1.25rem;\"><img loading=\"lazy\" class=\"alignnone size-full wp-image-392\" src=\"https:\/\/derecho.mdp.edu.ar\/wp-content\/uploads\/ubica-color.png\" alt=\"\" width=\"12\" height=\"17\" \/> <\/strong>Primer piso \u2013 Facultad de Derecho UNMdP.<br \/>\n<img loading=\"lazy\" class=\"alignnone size-full wp-image-391\" style=\"color: #333333; font-size: 1rem;\" src=\"https:\/\/derecho.mdp.edu.ar\/wp-content\/uploads\/phone-color.png\" alt=\"\" width=\"12\" height=\"16\" \/>\u00a0 (0223) 495-7770 \u2013 int. 119<br \/>\n<strong><img loading=\"lazy\" class=\"alignnone size-full wp-image-393\" src=\"https:\/\/derecho.mdp.edu.ar\/wp-content\/uploads\/email-color.png\" alt=\"\" width=\"17\" height=\"12\" \/>\u00a0 <\/strong>coordere@mdp.edu.ar<\/p>\n<h2><strong>Secretar\u00eda de Extensi\u00f3n y Bienestar Estudiantil<\/strong><\/h2>\n<p><strong><img loading=\"lazy\" class=\"wp-image-396 size-thumbnail alignnone\" src=\"https:\/\/derecho.mdp.edu.ar\/wp-content\/uploads\/iso-extension-150x150.png\" alt=\"\" width=\"150\" height=\"150\" srcset=\"https:\/\/derecho.mdp.edu.ar\/wp-content\/uploads\/iso-extension-150x150.png 150w, https:\/\/derecho.mdp.edu.ar\/wp-content\/uploads\/iso-extension-250x250.png 250w, https:\/\/derecho.mdp.edu.ar\/wp-content\/uploads\/iso-extension-100x100.png 100w, https:\/\/derecho.mdp.edu.ar\/wp-content\/uploads\/iso-extension-300x297.png 300w\" sizes=\"(max-width: 150px) 100vw, 150px\" \/><\/strong><\/p>\n<p><strong><em>Secretario de Extensi\u00f3n y Bienestar Estudiantil<\/em><\/strong><\/p>\n<p>Abogado Mariano Begue<\/p>\n<p><em><strong>Responsable administrativa<\/strong><\/em><\/p>\n<p><span style=\"font-size: 1rem;\">Mar\u00eda Elena Salum<\/span><\/p>\n<p><strong>Horario de Atenci\u00f3n<\/strong>\u00a0Lunes a Viernes 9 a 16 hs.<br \/>\n<strong style=\"font-size: 1.25rem;\"><img loading=\"lazy\" class=\"alignnone size-full wp-image-392\" src=\"https:\/\/derecho.mdp.edu.ar\/wp-content\/uploads\/ubica-color.png\" alt=\"\" width=\"12\" height=\"17\" \/>\u00a0<\/strong>Primer piso \u2013 Facultad de Derecho UNMdP.<br \/>\n<img loading=\"lazy\" class=\"alignnone size-full wp-image-391\" style=\"color: #333333; font-size: 1rem;\" src=\"https:\/\/derecho.mdp.edu.ar\/wp-content\/uploads\/phone-color.png\" alt=\"\" width=\"12\" height=\"16\" \/>\u00a0 (0223) 495-7770 \u2013 int. 121.<br \/>\n<strong><img loading=\"lazy\" class=\"alignnone size-full wp-image-393\" src=\"https:\/\/derecho.mdp.edu.ar\/wp-content\/uploads\/email-color.png\" alt=\"\" width=\"17\" height=\"12\" \/>\u00a0 <\/strong> <a href=\"mailto:coordere@mdp.edu.ar\">extndere@mdp.edu.ar<\/a><\/p>\n<p><em><strong>Subsecretario de Extensi\u00f3n y Bienestar Estudiantil<\/strong><\/em><br \/>\nAbogado Facundo Andr\u00e9s Irusta<\/p>\n<p><strong style=\"font-size: 1.25rem;\"><img loading=\"lazy\" class=\"alignnone size-full wp-image-392\" src=\"https:\/\/derecho.mdp.edu.ar\/wp-content\/uploads\/ubica-color.png\" alt=\"\" width=\"12\" height=\"17\" \/>\u00a0<\/strong>Primer piso \u2013 Facultad de Derecho UNMdP.<br \/>\n<img loading=\"lazy\" class=\"alignnone size-full wp-image-391\" style=\"color: #333333; font-size: 1rem;\" src=\"https:\/\/derecho.mdp.edu.ar\/wp-content\/uploads\/phone-color.png\" alt=\"\" width=\"12\" height=\"16\" \/>\u00a0 (0223) 495-7770 \u2013\u00a0 int. 106<br \/>\n<strong><img loading=\"lazy\" class=\"alignnone size-full wp-image-393\" src=\"https:\/\/derecho.mdp.edu.ar\/wp-content\/uploads\/email-color.png\" alt=\"\" width=\"17\" height=\"12\" \/>\u00a0 <\/strong>subbienestarder@mdp.edu.ar<\/p>\n<p>&nbsp;<\/p>\n<h2><strong>Secretar\u00eda de Investigaci\u00f3n y Posgrado<\/strong><\/h2>\n<p><img loading=\"lazy\" class=\"wp-image-397 size-thumbnail alignnone\" src=\"https:\/\/derecho.mdp.edu.ar\/wp-content\/uploads\/iso-posgrado-150x150.png\" alt=\"\" width=\"150\" height=\"150\" srcset=\"https:\/\/derecho.mdp.edu.ar\/wp-content\/uploads\/iso-posgrado-150x150.png 150w, https:\/\/derecho.mdp.edu.ar\/wp-content\/uploads\/iso-posgrado-250x250.png 250w, https:\/\/derecho.mdp.edu.ar\/wp-content\/uploads\/iso-posgrado-100x100.png 100w, https:\/\/derecho.mdp.edu.ar\/wp-content\/uploads\/iso-posgrado-300x297.png 300w\" sizes=\"(max-width: 150px) 100vw, 150px\" \/><\/p>\n<p><em><strong>Secretaria de Investigaci\u00f3n y Posgrado<\/strong><\/em><br \/>\nAbogada Silvina Lo Cirio<\/p>\n<p><strong><em>Responsable del \u00e1rea de investigaci\u00f3n<\/em><\/strong><br \/>\nDoctora Ana Mar\u00eda Vernetti<\/p>\n<p><em><strong>Responsable administrativa<\/strong><\/em><br \/>\nNatalia Andreu Cruz<\/p>\n<p><strong>Horario de atenci\u00f3n <\/strong>Lunes a Viernes de\u00a010 a 14.30 hs.<br \/>\n<strong style=\"font-size: 1.25rem;\"><img loading=\"lazy\" class=\"alignnone size-full wp-image-392\" src=\"https:\/\/derecho.mdp.edu.ar\/wp-content\/uploads\/ubica-color.png\" alt=\"\" width=\"12\" height=\"17\" \/>\u00a0<\/strong>Primer piso \u2013 Facultad de Derecho UNMdP.<br \/>\n<img loading=\"lazy\" class=\"alignnone size-full wp-image-391\" style=\"color: #333333; font-size: 1rem;\" src=\"https:\/\/derecho.mdp.edu.ar\/wp-content\/uploads\/phone-color.png\" alt=\"\" width=\"12\" height=\"16\" \/>\u00a0 (0223) 495-7770 \u2013 int. 103<br \/>\n<strong><img loading=\"lazy\" class=\"alignnone size-full wp-image-393\" src=\"https:\/\/derecho.mdp.edu.ar\/wp-content\/uploads\/email-color.png\" alt=\"\" width=\"17\" height=\"12\" \/>\u00a0<\/strong>posgrado.der@gmail.com; (Doctorado) docdere@mdp.edu.ar<\/p>\n<p>&nbsp;<\/p>\n","protected":false},"excerpt":{"rendered":"<p>Las Secretar\u00edas &nbsp; Secretar\u00eda Acad\u00e9mica Secretario acad\u00e9mico Abogada Ver\u00f3nica Ivonne Hourquebi\u00e9 Primer piso \u2013 Facultad de Derecho UNMdP. \u00a0 acadere@mdp.edu.ar; subacadere@mdp.edu.ar Subsecretar\u00eda de Evaluacio\u0301n, Acreditacio\u0301n y Seguimiento Acade\u0301mico Subsecretaria: Mar\u00eda Fernanda Huerta Horario de Atenci\u00f3n: Lunes, martes y mi\u00e9rcoles de 11.30 a 15 hs. Primer piso, Secretar\u00eda de Posgrado. \u00a0acreditacionderechounmdp@gmail.com y acreditacionderechounmdp@mdp.edu.ar Secretar\u00eda de Coordinaci\u00f3n &hellip; <\/p>\n<p class=\"link-more\"><a href=\"https:\/\/derecho.mdp.edu.ar\/index.php\/institucional-las-secretarias\/\" class=\"more-link\">Segu\u00ed leyendo<span class=\"screen-reader-text\"> &#8220;Institucional &#8220;Las Secretar\u00edas&#8221;&#8221;<\/span><\/a><\/p>\n","protected":false},"author":1,"featured_media":0,"parent":0,"menu_order":0,"comment_status":"closed","ping_status":"closed","template":"","meta":[],"_links":{"self":[{"href":"https:\/\/derecho.mdp.edu.ar\/index.php\/wp-json\/wp\/v2\/pages\/104"}],"collection":[{"href":"https:\/\/derecho.mdp.edu.ar\/index.php\/wp-json\/wp\/v2\/pages"}],"about":[{"href":"https:\/\/derecho.mdp.edu.ar\/index.php\/wp-json\/wp\/v2\/types\/page"}],"author":[{"embeddable":true,"href":"https:\/\/derecho.mdp.edu.ar\/index.php\/wp-json\/wp\/v2\/users\/1"}],"replies":[{"embeddable":true,"href":"https:\/\/derecho.mdp.edu.ar\/index.php\/wp-json\/wp\/v2\/comments?post=104"}],"version-history":[{"count":9,"href":"https:\/\/derecho.mdp.edu.ar\/index.php\/wp-json\/wp\/v2\/pages\/104\/revisions"}],"predecessor-version":[{"id":1740,"href":"https:\/\/derecho.mdp.edu.ar\/index.php\/wp-json\/wp\/v2\/pages\/104\/revisions\/1740"}],"wp:attachment":[{"href":"https:\/\/derecho.mdp.edu.ar\/index.php\/wp-json\/wp\/v2\/media?parent=104"}],"curies":[{"name":"wp","href":"https:\/\/api.w.org\/{rel}","templated":true}]}}